{"id":128,"date":"2024-08-31T14:13:32","date_gmt":"2024-08-31T14:13:32","guid":{"rendered":"https:\/\/motheorie.ccb.tu-dortmund.de\/?page_id=128"},"modified":"2024-09-01T17:24:53","modified_gmt":"2024-09-01T17:24:53","slug":"barrierefreiheit","status":"publish","type":"page","link":"https:\/\/motheorie.ccb.tu-dortmund.de\/index.php\/barrierefreiheit\/","title":{"rendered":"Erkl\u00e4rung zur Barrierefreiheit"},"content":{"rendered":"\n<p>Die TU&nbsp;Dort\u00admund&nbsp;hat den Anspruch, ihre Websites und mobilen&nbsp;An\u00adwen\u00addungen&nbsp;entsprechend der EU-Richtlinie 2016\/2102 barrierefrei zug\u00e4nglich zu machen. Die folgende Erkl\u00e4rung zur Barrierefreiheit dokumentiert den Umsetzungsstand f\u00fcr den Webauftritt&nbsp;<strong>motheorie.ccb.tu-dortmund.de<\/strong>&nbsp;gem\u00e4\u00df der&nbsp;<a href=\"https:\/\/recht.nrw.de\/lmi\/owa\/br_text_anzeigen?v_id=10000000000000000724\" target=\"_blank\" rel=\"noreferrer noopener\">Verordnung zur Schaffung barrierefreier&nbsp;In\u00adfor\u00adma\u00adti\u00adons\u00adtech\u00adnik&nbsp;nach dem Behindertengleichstellungsgesetz Nordrhein-Westfalen<\/a>.<\/p>\n\n\n\n<h2 class=\"wp-block-heading\">Stand der Vereinbarkeit mit den An\u00adfor\u00adder\u00adungen<\/h2>\n\n\n\n<p>Diese Website ist mit der EU-Richtlinie 2016\/2102 teilweise konform.<br>Methodik der Pr\u00fcfung: Automatisiert (<a href=\"https:\/\/wave.webaim.org\/\">WAVE<\/a>) + Selbstbewertung<br>Erstellt am: 31.08.2024<br>Zuletzt gepr\u00fcft am: 31.08.2024<\/p>\n\n\n\n<h2 class=\"wp-block-heading\">Nicht barrierefreie Inhalte<\/h2>\n\n\n\n<p>Die nachstehend aufgef\u00fchrten Inhalte&nbsp;sind nicht barrierefrei:<\/p>\n\n\n\n<ul class=\"wp-block-list\">\n<li>In den Webauftritt eingebundene Videos haben keine Audiodeskription.<\/li>\n<\/ul>\n\n\n\n<p>Gr\u00fcnde:<\/p>\n\n\n\n<ul class=\"wp-block-list\">\n<li>Die Bereitstellung der Videos mit einer Audiodeskription konnte bislang nicht realisiert werden.<\/li>\n<\/ul>\n\n\n\n<h2 class=\"wp-block-heading\">Feedback und Kontaktangaben<\/h2>\n\n\n\n<p>Sie k\u00f6nnen uns M\u00e4ngel bei der Einhaltung der Anforderungen an die Barrierefreiheit mitteilen und Informationen zu Inhalten anfordern, die von der Richtlinie ausgenommen sind.<\/p>\n\n\n\n<p>Kontakt:<br>David Johannes Hauck<br>Friedrich-Alexander-Universit\u00e4t Erlangen-N\u00fcrnberg<br>Didaktik der Chemie<br>Regensburger Stra\u00dfe 160, 90478 N\u00fcrnberg<\/p>\n\n\n\n<p><a href=\"mailto:david.hauck@fau.de\">E-Mail senden<\/a><\/p>\n\n\n\n<p>Bitte geben Sie bei der Nachricht das Stichwort Barrierefreiheit an und teilen uns unter Nennung der URL mit, auf welchen Inhalt Sie sich beziehen.<\/p>\n\n\n\n<h2 class=\"wp-block-heading\">Durchsetzungsverfahren<\/h2>\n\n\n\n<p>Sollten Sie auf Mitteilungen oder Anfragen zur&nbsp;Barrierefreiheit innerhalb von sechs Wochen keine&nbsp;zufriedenstellende&nbsp;Antwort&nbsp;erhalten haben, k\u00f6nnen Sie die Ombudsstelle f\u00fcr barrierefreie&nbsp;In\u00adfor\u00adma\u00adti\u00adons\u00adtech\u00adnik&nbsp;einschalten. Sie ist der oder dem Beauftragten f\u00fcr die Belange der&nbsp;Men\u00adschen&nbsp;mit&nbsp;Be\u00adhin\u00adderung&nbsp;nach \u00a7 11 des Behindertengleichstellungsgesetzes Nordrhein-Westfalen zugeordnet. Wenn Sie ein Ombudsverfahren w\u00fcnschen, k\u00f6nnen Sie daf\u00fcr einen entsprechenden&nbsp;Antrag&nbsp;ausf\u00fcllen und ihn per&nbsp;<a href=\"mailto:ombudsstelle-barrierefreie-it@mags.nrw.de\">E-Mail<\/a>&nbsp;an die Ombudsstelle senden. Weitere Informationen zur Antragsstellung finden Sie auf der&nbsp;<a href=\"https:\/\/www.mags.nrw\/ombudsstelle-barrierefreie-informationstechnik\" target=\"_blank\" rel=\"noreferrer noopener\">Website der Ombudsstelle.<\/a><\/p>\n\n\n\n<p>Ombudsstelle f\u00fcr barrierefreie&nbsp;In\u00adfor\u00adma\u00adti\u00adons\u00adtech\u00adnik&nbsp;des<br>Landes Nordrhein-Westfalen bei der Landesbeauftragten<br>f\u00fcr&nbsp;Men\u00adschen&nbsp;mit&nbsp;Be\u00adhin\u00adde\u00adrun\u00adgen<br>F\u00fcrstenwall 25 &nbsp;<br>40219 D\u00fcsseldorf<\/p>\n\n\n\n<h2 class=\"wp-block-heading\">Weiterf\u00fchrende In\u00adfor\u00adma\u00adti\u00adonen zur Barrierefreiheit an der TU Dort\u00admund<\/h2>\n\n\n\n<p>Auf der folgenden Seite finden Sie eine \u00dcbersicht \u00fcber&nbsp;Ma\u00df\u00adnahmen&nbsp;der TU&nbsp;Dort\u00admund, Barrieren abzubauen sowie hilfreiche Links zu&nbsp;An\u00adge\u00adboten&nbsp;und Ansprechpersonen:&nbsp;<a href=\"https:\/\/www.tu-dortmund.de\/studierende\/campusleben\/tu-dortmund-inklusiv\/\" target=\"_blank\" rel=\"noreferrer noopener\">TU Dort\u00admund inklusiv<\/a><\/p>\n\n\n\n<p>DoBuS \u2013 der Bereich&nbsp;Be\u00adhin\u00adderung&nbsp;und Studium der TU&nbsp;Dort\u00admund&nbsp;\u2013 bietet Beratung und Dienstleistungen f\u00fcr&nbsp;Stu\u00addie\u00adren\u00adde&nbsp;und Lehrende mit dem Ziel an, chancengleiche Bedingungen f\u00fcr Personen mit&nbsp;Be\u00adhin\u00adde\u00adrun\u00adgen&nbsp;oder chronischen Krankheiten in Studium und Lehre zu schaffen.&nbsp;<a href=\"https:\/\/dobus.tu-dortmund.de\/\" target=\"_blank\" rel=\"noreferrer noopener\">Zu DoBuS<\/a><\/p>\n\n\n\n<p>Die TU&nbsp;Dort\u00admund&nbsp;bietet&nbsp;In\u00adfor\u00adma\u00adti\u00adonen&nbsp;\u00fcber ihr Profil in&nbsp;<a href=\"https:\/\/www.tu-dortmund.de\/tu-in-leichter-sprache\/\" target=\"_blank\" rel=\"noreferrer noopener\">Leichter Sprache<\/a>&nbsp;und in&nbsp;<a href=\"https:\/\/www.tu-dortmund.de\/gebaerdensprache\/\" target=\"_blank\" rel=\"noreferrer noopener\">Geb\u00e4rdensprache<\/a>&nbsp;an.<\/p>\n","protected":false},"excerpt":{"rendered":"<p>Die TU&nbsp;Dort\u00admund&nbsp;hat den Anspruch, ihre Websites und mobilen&nbsp;An\u00adwen\u00addungen&nbsp;entsprechend der EU-Richtlinie 2016\/2102 barrierefrei zug\u00e4nglich zu machen. Die folgende Erkl\u00e4rung zur Barrierefreiheit dokumentiert den Umsetzungsstand f\u00fcr den Webauftritt&nbsp;motheorie.ccb.tu-dortmund.de&nbsp;gem\u00e4\u00df der&nbsp;Verordnung zur Schaffung barrierefreier&nbsp;In\u00adfor\u00adma\u00adti\u00adons\u00adtech\u00adnik&nbsp;nach dem Behindertengleichstellungsgesetz Nordrhein-Westfalen. Stand der Vereinbarkeit mit den An\u00adfor\u00adder\u00adungen Diese Website ist mit der EU-Richtlinie 2016\/2102 teilweise konform.Methodik der Pr\u00fcfung: Automatisiert (WAVE) + SelbstbewertungErstellt am: [&hellip;]<\/p>\n","protected":false},"author":2,"featured_media":0,"parent":0,"menu_order":0,"comment_status":"closed","ping_status":"closed","template":"","meta":{"footnotes":""},"class_list":["post-128","page","type-page","status-publish","hentry"],"_links":{"self":[{"href":"https:\/\/motheorie.ccb.tu-dortmund.de\/index.php\/wp-json\/wp\/v2\/pages\/128","targetHints":{"allow":["GET"]}}],"collection":[{"href":"https:\/\/motheorie.ccb.tu-dortmund.de\/index.php\/wp-json\/wp\/v2\/pages"}],"about":[{"href":"https:\/\/motheorie.ccb.tu-dortmund.de\/index.php\/wp-json\/wp\/v2\/types\/page"}],"author":[{"embeddable":true,"href":"https:\/\/motheorie.ccb.tu-dortmund.de\/index.php\/wp-json\/wp\/v2\/users\/2"}],"replies":[{"embeddable":true,"href":"https:\/\/motheorie.ccb.tu-dortmund.de\/index.php\/wp-json\/wp\/v2\/comments?post=128"}],"version-history":[{"count":3,"href":"https:\/\/motheorie.ccb.tu-dortmund.de\/index.php\/wp-json\/wp\/v2\/pages\/128\/revisions"}],"predecessor-version":[{"id":139,"href":"https:\/\/motheorie.ccb.tu-dortmund.de\/index.php\/wp-json\/wp\/v2\/pages\/128\/revisions\/139"}],"wp:attachment":[{"href":"https:\/\/motheorie.ccb.tu-dortmund.de\/index.php\/wp-json\/wp\/v2\/media?parent=128"}],"curies":[{"name":"wp","href":"https:\/\/api.w.org\/{rel}","templated":true}]}}